{"id":3465,"date":"2023-03-03T12:33:05","date_gmt":"2023-03-03T12:33:05","guid":{"rendered":"https:\/?page_id=3465"},"modified":"2025-02-01T07:59:15","modified_gmt":"2025-02-01T07:59:15","slug":"ungewohnliche-unterkunfte-die-chalets-2","status":"publish","type":"page","link":"https:\/\/campingrhodes.fr\/de\/ungewohnliche-unterkunfte-die-chalets-2\/","title":{"rendered":"Ungew\u00f6hnliche Unterk\u00fcnfte &#8211; Die Chalets mit allem Komfort"},"content":{"rendered":"<div class=\"wpb-content-wrapper\"><p>[vc_row][vc_column][vc_column_text]<\/p>\n<p style=\"padding-left: 40px;\">[\/vc_column_text][\/vc_column][\/vc_row][vc_row full_width=&#8220;stretch_row&#8220; css_animation=&#8220;fadeInLeft&#8220; css=&#8220;.vc_custom_1517849767763{background-color: #3d3d3d !important;}&#8220;][vc_column width=&#8220;1\/3&#8243;][vc_single_image image=&#8220;3429&#8243; img_size=&#8220;full&#8220; style=&#8220;vc_box_rounded&#8220;][\/vc_column][vc_column width=&#8220;2\/3&#8243;][vc_custom_heading text=&#8220;Das Chalet, eine gem\u00fctliche Unterkunft mit maximalem Komfort&#8220; font_container=&#8220;tag:h3|text_align:left|color:%23ffffff&#8220; use_theme_fonts=&#8220;yes&#8220;][vc_empty_space][vc_column_text el_class=&#8220;blanc&#8220;]Das Chalet auf Pf\u00e4hlen mit seiner sch\u00f6nen Terrasse bietet Platz f\u00fcr bis zu 5 Personen. Mit seinem gro\u03b2en Erker ist es ideal f\u00fcr einen erholsamen Aufenthalt in Kontakt mit der Natur.<\/p>\n<p><strong>G\u00f6nnen Sie sich ein Naturerlebnis mit der Familie oder Freunden auf dem Campingplatz Rhodes.<\/strong>[\/vc_column_text][\/vc_column][\/vc_row][vc_row css=&#8220;.vc_custom_1517840861749{margin-top: 50px !important;margin-bottom: 50px !important;}&#8220;][vc_column][vc_column_text]<\/p>\n<p style=\"text-align: center;\"><strong>Der Campingplatz Rhodes bietet Ihnen<\/strong><\/p>\n<p>[\/vc_column_text][vc_custom_heading text=&#8220;Ein Chalet mit einer optimalen und zugleich gro\u03b2z\u00fcgigen Ausstattung&#8220; font_container=&#8220;tag:h2|text_align:center&#8220; use_theme_fonts=&#8220;yes&#8220;][vc_column_text]<\/p>\n<p style=\"text-align: center;\"><strong>Mit seiner gro\u00dfen Erker\u00f6ffnung machen Innen und Au\u00dfen nur noch eins !<\/strong><\/p>\n<p style=\"text-align: center;\">Ein Fl\u00e4che von 25 m2 im Innebereich und 12 m2 auf der Terrasse. Das Chalet bietet Platz f\u00fcr 5 Personen maximal.<\/p>\n<p style=\"text-align: center;\">Es besteht aus 2 Schlafzimmern, eines mit einem Doppelbett und das zweite mit einem Einzelbett und Etagenbett. Es ist mit 1 Tisch, 3 St\u00fchlen, 1 Bank,1 ausgestatteten K\u00fcche, Geschirr f\u00fcr 5 Personen, 1 Dusche und 1 Toilette ausgestattet.<\/p>\n<p style=\"text-align: center;\"><strong>Kopfkissen, Bettdecken und Bettw\u00e4sche<\/strong> werden gestellt<\/p>\n<p style=\"text-align: center;\">Wir k\u00f6nnen Ihnen einen <strong>Grill<\/strong> leihen.<\/p>\n<p style=\"text-align: center;\">Vermietung ist mindestens <strong>2 N\u00e4chte<\/strong>.<\/p>\n<p style=\"text-align: center;\"><span style=\"color: #ff9900;\"><i><strong>(Die Chalets sind nicht zug\u00e4nglich f\u00fcr Personen mit eingeschr\u00e4nkter Mobilit\u00e4t)<\/strong><\/i><\/span><\/p>\n<p>[\/vc_column_text][\/vc_column][\/vc_row][vc_row][vc_column css_animation=&#8220;fadeIn&#8220; width=&#8220;1\/2&#8243;][vc_custom_heading text=&#8220;Chalet 2 N\u00e4chte&#8220; font_container=&#8220;tag:h3|text_align:center&#8220; use_theme_fonts=&#8220;yes&#8220;][vc_column_text]<\/p>\n<p style=\"text-align: center;\"><strong>210 \u20ac \/ 2 N\u00e4chte \/ 2 Personen <\/strong>+ 0,80\u20ac Aufenthaltstaxe<\/p>\n<p style=\"text-align: center;\"><strong>+ 78 \u20ac <\/strong>\/ <strong>zus\u00e4tzliche Nacht<\/strong><\/p>\n<p style=\"text-align: center;\"><strong>+ 15\u20ac \/ zus\u00e4tzliche Person \/ Tag<\/strong><\/p>\n<p>[\/vc_column_text][\/vc_column][vc_column css_animation=&#8220;fadeIn&#8220; width=&#8220;1\/2&#8243;][vc_custom_heading text=&#8220;Chalet 1 Woche&#8220; font_container=&#8220;tag:h3|text_align:center&#8220; use_theme_fonts=&#8220;yes&#8220;][vc_column_text]<\/p>\n<p style=\"text-align: center;\"><b>Vermietung pro Woche<\/b><\/p>\n<p style=\"text-align: center;\">Fragen Sie uns<\/p>\n<p>[\/vc_column_text][\/vc_column][\/vc_row][vc_row][vc_column width=&#8220;2\/3&#8243;][vc_gallery interval=&#8220;3&#8243; images=&#8220;3429,3426,3444,3435,3438,3432,3459&#8243; img_size=&#8220;large&#8220;][\/vc_column][vc_column width=&#8220;1\/3&#8243;][vc_message message_box_style=&#8220;solid-icon&#8220; style=&#8220;square&#8220; message_box_color=&#8220;blue&#8220; css_animation=&#8220;slideInRight&#8220;]<\/p>\n<p style=\"text-align: center;\"><strong>Les services \u00e0 Rhodes\u00a0:<\/strong><\/p>\n<ul>\n<li>Boulangerie-\u00e9picerie\u00a0 ouverte 7\/7 en juillet \u2013 ao\u00fbt de 8h00 \u00e0 12h00 ainsi que tous les weeks end d\u2019avril \u00e0 septembre.<\/li>\n<li>Camionnette du boulanger au quotidien devant le camping aux alentours de 9h00 sauf le lundi.<\/li>\n<li>Bars, restaurants :<br \/>\nEurop\u00e9an Nautic, rue de l\u2019\u00e9tang<br \/>\nLes Paquis, all\u00e9e des comtes de Rode<\/li>\n<\/ul>\n<p>[\/vc_message][vc_cta h2=&#8220;Je suis int\u00e9ress\u00e9(e) !&#8220; txt_align=&#8220;center&#8220; shape=&#8220;square&#8220; style=&#8220;flat&#8220; color=&#8220;sky&#8220; add_button=&#8220;bottom&#8220; btn_title=&#8220;Ich reserviere&#8220; btn_style=&#8220;outline&#8220; btn_color=&#8220;white&#8220; btn_size=&#8220;lg&#8220; btn_align=&#8220;center&#8220; btn_css_animation=&#8220;zoomIn&#8220; css_animation=&#8220;fadeInRight&#8220; btn_link=&#8220;url:https%3A%2Fde%2Freservierung%2F|&#8220;]Kontaktieren Sie uns f\u00fcr weitere Informationen oder um Ihren Stellplatz zu reservieren.[\/vc_cta][\/vc_column][\/vc_row][vc_row][vc_column][\/vc_column][\/vc_row]<\/p>\n<\/div>","protected":false},"excerpt":{"rendered":"<p>[vc_row][vc_column][vc_column_text] [\/vc_column_text][\/vc_column][\/vc_row][vc_row full_width=&#8220;stretch_row&#8220; css_animation=&#8220;fadeInLeft&#8220; css=&#8220;.vc_custom_1517849767763{background-color: #3d3d3d !important;}&#8220;][vc_column width=&#8220;1\/3&#8243;][vc_single_image image=&#8220;3429&#8243; img_size=&#8220;full&#8220; style=&#8220;vc_box_rounded&#8220;][\/vc_column][vc_column width=&#8220;2\/3&#8243;][vc_custom_heading text=&#8220;Das Chalet, eine gem\u00fctliche Unterkunft mit maximalem Komfort&#8220; font_container=&#8220;tag:h3|text_align:left|color:%23ffffff&#8220; use_theme_fonts=&#8220;yes&#8220;][vc_empty_space][vc_column_text el_class=&#8220;blanc&#8220;]Das Chalet auf Pf\u00e4hlen<span class=\"excerpt-hellip\"> [\u2026]<\/span><\/p>\n","protected":false},"author":2,"featured_media":0,"parent":0,"menu_order":0,"comment_status":"closed","ping_status":"closed","template":"","meta":{"_exactmetrics_skip_tracking":false,"_exactmetrics_sitenote_active":false,"_exactmetrics_sitenote_note":"","_exactmetrics_sitenote_category":0,"footnotes":""},"class_list":["post-3465","page","type-page","status-publish","hentry"],"yoast_head":"<!-- This site is optimized with the Yoast SEO plugin v27.4 - https:\/\/yoast.com\/product\/yoast-seo-wordpress\/ -->\n<title>Ungew\u00f6hnliche Unterk\u00fcnfte - Die Chalets mit allem Komfort - Camping de Rhodes<\/title>\n<meta name=\"description\" content=\"Le camping de Rhodes vous propose des h\u00e9bergements insolites en POD, petite cabane en bois de 15m2 tout confort. Immersion nature assur\u00e9e\" \/>\n<meta name=\"robots\" content=\"index, follow, max-snippet:-1, max-image-preview:large, max-video-preview:-1\" \/>\n<link rel=\"canonical\" href=\"https:\/\/www.campingrhodes.fr\/de\/ungewohnliche-unterkunfte-die-chalets-2\/\" \/>\n<meta property=\"og:locale\" content=\"de_DE\" \/>\n<meta property=\"og:type\" content=\"article\" \/>\n<meta property=\"og:title\" content=\"Ungew\u00f6hnliche Unterk\u00fcnfte - Die Chalets mit allem Komfort - Camping de Rhodes\" \/>\n<meta property=\"og:description\" content=\"Le camping de Rhodes vous propose des h\u00e9bergements insolites en POD, petite cabane en bois de 15m2 tout confort. Immersion nature assur\u00e9e\" \/>\n<meta property=\"og:url\" content=\"https:\/\/www.campingrhodes.fr\/de\/ungewohnliche-unterkunfte-die-chalets-2\/\" \/>\n<meta property=\"og:site_name\" content=\"Camping de Rhodes\" \/>\n<meta property=\"article:publisher\" content=\"https:\/\/www.facebook.com\/camping.rhodes\/\" \/>\n<meta property=\"article:modified_time\" content=\"2025-02-01T07:59:15+00:00\" \/>\n<meta name=\"twitter:card\" content=\"summary_large_image\" \/>\n<meta name=\"twitter:label1\" content=\"Gesch\u00e4tzte Lesezeit\" \/>\n\t<meta name=\"twitter:data1\" content=\"2\u00a0Minuten\" \/>\n<script type=\"application\/ld+json\" class=\"yoast-schema-graph\">{\"@context\":\"https:\\\/\\\/schema.org\",\"@graph\":[{\"@type\":\"WebPage\",\"@id\":\"https:\\\/\\\/www.campingrhodes.fr\\\/de\\\/ungewohnliche-unterkunfte-die-chalets-2\\\/\",\"url\":\"https:\\\/\\\/www.campingrhodes.fr\\\/de\\\/ungewohnliche-unterkunfte-die-chalets-2\\\/\",\"name\":\"Ungew\u00f6hnliche Unterk\u00fcnfte - Die Chalets mit allem Komfort - Camping de Rhodes\",\"isPartOf\":{\"@id\":\"https:\\\/\\\/www.campingrhodes.fr\\\/#website\"},\"datePublished\":\"2023-03-03T12:33:05+00:00\",\"dateModified\":\"2025-02-01T07:59:15+00:00\",\"description\":\"Le camping de Rhodes vous propose des h\u00e9bergements insolites en POD, petite cabane en bois de 15m2 tout confort. Immersion nature assur\u00e9e\",\"breadcrumb\":{\"@id\":\"https:\\\/\\\/www.campingrhodes.fr\\\/de\\\/ungewohnliche-unterkunfte-die-chalets-2\\\/#breadcrumb\"},\"inLanguage\":\"de\",\"potentialAction\":[{\"@type\":\"ReadAction\",\"target\":[\"https:\\\/\\\/www.campingrhodes.fr\\\/de\\\/ungewohnliche-unterkunfte-die-chalets-2\\\/\"]}]},{\"@type\":\"BreadcrumbList\",\"@id\":\"https:\\\/\\\/www.campingrhodes.fr\\\/de\\\/ungewohnliche-unterkunfte-die-chalets-2\\\/#breadcrumb\",\"itemListElement\":[{\"@type\":\"ListItem\",\"position\":1,\"name\":\"Accueil\",\"item\":\"https:\\\/\\\/campingrhodes.fr\\\/de\\\/\"},{\"@type\":\"ListItem\",\"position\":2,\"name\":\"Ungew\u00f6hnliche Unterk\u00fcnfte &#8211; Die Chalets mit allem Komfort\"}]},{\"@type\":\"WebSite\",\"@id\":\"https:\\\/\\\/www.campingrhodes.fr\\\/#website\",\"url\":\"https:\\\/\\\/www.campingrhodes.fr\\\/\",\"name\":\"Camping de Rhodes - Etang du Stock\",\"description\":\"camping en moselle au bord de l&#039;eau\",\"potentialAction\":[{\"@type\":\"SearchAction\",\"target\":{\"@type\":\"EntryPoint\",\"urlTemplate\":\"https:\\\/\\\/www.campingrhodes.fr\\\/?s={search_term_string}\"},\"query-input\":{\"@type\":\"PropertyValueSpecification\",\"valueRequired\":true,\"valueName\":\"search_term_string\"}}],\"inLanguage\":\"de\"}]}<\/script>\n<!-- \/ Yoast SEO plugin. -->","yoast_head_json":{"title":"Ungew\u00f6hnliche Unterk\u00fcnfte - Die Chalets mit allem Komfort - Camping de Rhodes","description":"Le camping de Rhodes vous propose des h\u00e9bergements insolites en POD, petite cabane en bois de 15m2 tout confort. Immersion nature assur\u00e9e","robots":{"index":"index","follow":"follow","max-snippet":"max-snippet:-1","max-image-preview":"max-image-preview:large","max-video-preview":"max-video-preview:-1"},"canonical":"https:\/\/www.campingrhodes.fr\/de\/ungewohnliche-unterkunfte-die-chalets-2\/","og_locale":"de_DE","og_type":"article","og_title":"Ungew\u00f6hnliche Unterk\u00fcnfte - Die Chalets mit allem Komfort - Camping de Rhodes","og_description":"Le camping de Rhodes vous propose des h\u00e9bergements insolites en POD, petite cabane en bois de 15m2 tout confort. Immersion nature assur\u00e9e","og_url":"https:\/\/www.campingrhodes.fr\/de\/ungewohnliche-unterkunfte-die-chalets-2\/","og_site_name":"Camping de Rhodes","article_publisher":"https:\/\/www.facebook.com\/camping.rhodes\/","article_modified_time":"2025-02-01T07:59:15+00:00","twitter_card":"summary_large_image","twitter_misc":{"Gesch\u00e4tzte Lesezeit":"2\u00a0Minuten"},"schema":{"@context":"https:\/\/schema.org","@graph":[{"@type":"WebPage","@id":"https:\/\/www.campingrhodes.fr\/de\/ungewohnliche-unterkunfte-die-chalets-2\/","url":"https:\/\/www.campingrhodes.fr\/de\/ungewohnliche-unterkunfte-die-chalets-2\/","name":"Ungew\u00f6hnliche Unterk\u00fcnfte - Die Chalets mit allem Komfort - Camping de Rhodes","isPartOf":{"@id":"https:\/\/www.campingrhodes.fr\/#website"},"datePublished":"2023-03-03T12:33:05+00:00","dateModified":"2025-02-01T07:59:15+00:00","description":"Le camping de Rhodes vous propose des h\u00e9bergements insolites en POD, petite cabane en bois de 15m2 tout confort. Immersion nature assur\u00e9e","breadcrumb":{"@id":"https:\/\/www.campingrhodes.fr\/de\/ungewohnliche-unterkunfte-die-chalets-2\/#breadcrumb"},"inLanguage":"de","potentialAction":[{"@type":"ReadAction","target":["https:\/\/www.campingrhodes.fr\/de\/ungewohnliche-unterkunfte-die-chalets-2\/"]}]},{"@type":"BreadcrumbList","@id":"https:\/\/www.campingrhodes.fr\/de\/ungewohnliche-unterkunfte-die-chalets-2\/#breadcrumb","itemListElement":[{"@type":"ListItem","position":1,"name":"Accueil","item":"https:\/\/campingrhodes.fr\/de\/"},{"@type":"ListItem","position":2,"name":"Ungew\u00f6hnliche Unterk\u00fcnfte &#8211; Die Chalets mit allem Komfort"}]},{"@type":"WebSite","@id":"https:\/\/www.campingrhodes.fr\/#website","url":"https:\/\/www.campingrhodes.fr\/","name":"Camping de Rhodes - Etang du Stock","description":"camping en moselle au bord de l&#039;eau","potentialAction":[{"@type":"SearchAction","target":{"@type":"EntryPoint","urlTemplate":"https:\/\/www.campingrhodes.fr\/?s={search_term_string}"},"query-input":{"@type":"PropertyValueSpecification","valueRequired":true,"valueName":"search_term_string"}}],"inLanguage":"de"}]}},"_links":{"self":[{"href":"https:\/\/campingrhodes.fr\/de\/wp-json\/wp\/v2\/pages\/3465","targetHints":{"allow":["GET"]}}],"collection":[{"href":"https:\/\/campingrhodes.fr\/de\/wp-json\/wp\/v2\/pages"}],"about":[{"href":"https:\/\/campingrhodes.fr\/de\/wp-json\/wp\/v2\/types\/page"}],"author":[{"embeddable":true,"href":"https:\/\/campingrhodes.fr\/de\/wp-json\/wp\/v2\/users\/2"}],"replies":[{"embeddable":true,"href":"https:\/\/campingrhodes.fr\/de\/wp-json\/wp\/v2\/comments?post=3465"}],"version-history":[{"count":12,"href":"https:\/\/campingrhodes.fr\/de\/wp-json\/wp\/v2\/pages\/3465\/revisions"}],"predecessor-version":[{"id":3725,"href":"https:\/\/campingrhodes.fr\/de\/wp-json\/wp\/v2\/pages\/3465\/revisions\/3725"}],"wp:attachment":[{"href":"https:\/\/campingrhodes.fr\/de\/wp-json\/wp\/v2\/media?parent=3465"}],"curies":[{"name":"wp","href":"https:\/\/api.w.org\/{rel}","templated":true}]}}